{"id":76,"date":"2020-11-30T20:08:03","date_gmt":"2020-11-30T20:08:03","guid":{"rendered":"http:\/\/www.ubytovnaolomouc.cz\/?page_id=76"},"modified":"2020-11-30T20:26:46","modified_gmt":"2020-11-30T20:26:46","slug":"fotogalerie","status":"publish","type":"page","link":"https:\/\/www.ubytovnaolomouc.cz\/index.php\/fotogalerie\/","title":{"rendered":"Fotogalerie"},"content":{"rendered":"\n<figure class=\"wp-block-image size-full is-style-default\"><img loading=\"lazy\" decoding=\"async\" width=\"1920\" height=\"2560\" src=\"https:\/\/www.ubytovnaolomouc.cz\/wp-content\/uploads\/2020\/11\/20181120_142727-1-scaled.jpg\" alt=\"\" class=\"wp-image-77\" srcset=\"https:\/\/www.ubytovnaolomouc.cz\/wp-content\/uploads\/2020\/11\/20181120_142727-1-scaled.jpg 1920w, https:\/\/www.ubytovnaolomouc.cz\/wp-content\/uploads\/2020\/11\/20181120_142727-1-225x300.jpg 225w, https:\/\/www.ubytovnaolomouc.cz\/wp-content\/uploads\/2020\/11\/20181120_142727-1-768x1024.jpg 768w, https:\/\/www.ubytovnaolomouc.cz\/wp-content\/uploads\/2020\/11\/20181120_142727-1-1152x1536.jpg 1152w, https:\/\/www.ubytovnaolomouc.cz\/wp-content\/uploads\/2020\/11\/20181120_142727-1-1536x2048.jpg 1536w, https:\/\/www.ubytovnaolomouc.cz\/wp-content\/uploads\/2020\/11\/20181120_142727-1-45x60.jpg 45w\" sizes=\"auto, (max-width: 1920px) 100vw, 1920px\" \/><figcaption>2 l\u016f\u017ekov\u00fd pokoj<\/figcaption><\/figure>\n\n\n\n<figure class=\"wp-block-gallery columns-3 is-cropped wp-block-gallery-1 is-layout-flex wp-block-gallery-is-layout-flex\"><ul class=\"blocks-gallery-grid\"><li class=\"blocks-gallery-item\"><figure><img loading=\"lazy\" decoding=\"async\" width=\"768\" height=\"1024\" src=\"https:\/\/www.ubytovnaolomouc.cz\/wp-content\/uploads\/2020\/11\/20181120_143400-768x1024.jpg\" alt=\"\" data-id=\"83\" data-full-url=\"https:\/\/www.ubytovnaolomouc.cz\/wp-content\/uploads\/2020\/11\/20181120_143400-scaled.jpg\" data-link=\"https:\/\/www.ubytovnaolomouc.cz\/index.php\/fotogalerie\/20181120_143400\/\" class=\"wp-image-83\" srcset=\"https:\/\/www.ubytovnaolomouc.cz\/wp-content\/uploads\/2020\/11\/20181120_143400-768x1024.jpg 768w, https:\/\/www.ubytovnaolomouc.cz\/wp-content\/uploads\/2020\/11\/20181120_143400-225x300.jpg 225w, https:\/\/www.ubytovnaolomouc.cz\/wp-content\/uploads\/2020\/11\/20181120_143400-1152x1536.jpg 1152w, https:\/\/www.ubytovnaolomouc.cz\/wp-content\/uploads\/2020\/11\/20181120_143400-1536x2048.jpg 1536w, https:\/\/www.ubytovnaolomouc.cz\/wp-content\/uploads\/2020\/11\/20181120_143400-45x60.jpg 45w, https:\/\/www.ubytovnaolomouc.cz\/wp-content\/uploads\/2020\/11\/20181120_143400-scaled.jpg 1920w\" sizes=\"auto, (max-width: 768px) 100vw, 768px\" \/><\/figure><\/li><li class=\"blocks-gallery-item\"><figure><img loading=\"lazy\" decoding=\"async\" width=\"768\" height=\"1024\" src=\"https:\/\/www.ubytovnaolomouc.cz\/wp-content\/uploads\/2020\/11\/20181120_143912-768x1024.jpg\" alt=\"\" data-id=\"84\" data-full-url=\"https:\/\/www.ubytovnaolomouc.cz\/wp-content\/uploads\/2020\/11\/20181120_143912-scaled.jpg\" data-link=\"https:\/\/www.ubytovnaolomouc.cz\/index.php\/fotogalerie\/20181120_143912\/\" class=\"wp-image-84\" srcset=\"https:\/\/www.ubytovnaolomouc.cz\/wp-content\/uploads\/2020\/11\/20181120_143912-768x1024.jpg 768w, https:\/\/www.ubytovnaolomouc.cz\/wp-content\/uploads\/2020\/11\/20181120_143912-225x300.jpg 225w, https:\/\/www.ubytovnaolomouc.cz\/wp-content\/uploads\/2020\/11\/20181120_143912-1152x1536.jpg 1152w, https:\/\/www.ubytovnaolomouc.cz\/wp-content\/uploads\/2020\/11\/20181120_143912-1536x2048.jpg 1536w, https:\/\/www.ubytovnaolomouc.cz\/wp-content\/uploads\/2020\/11\/20181120_143912-45x60.jpg 45w, https:\/\/www.ubytovnaolomouc.cz\/wp-content\/uploads\/2020\/11\/20181120_143912-scaled.jpg 1920w\" sizes=\"auto, (max-width: 768px) 100vw, 768px\" \/><\/figure><\/li><li class=\"blocks-gallery-item\"><figure><img loading=\"lazy\" decoding=\"async\" width=\"768\" height=\"1024\" src=\"https:\/\/www.ubytovnaolomouc.cz\/wp-content\/uploads\/2020\/11\/20181120_144051-768x1024.jpg\" alt=\"\" data-id=\"86\" data-full-url=\"https:\/\/www.ubytovnaolomouc.cz\/wp-content\/uploads\/2020\/11\/20181120_144051-scaled.jpg\" data-link=\"https:\/\/www.ubytovnaolomouc.cz\/index.php\/fotogalerie\/20181120_144051\/\" class=\"wp-image-86\" srcset=\"https:\/\/www.ubytovnaolomouc.cz\/wp-content\/uploads\/2020\/11\/20181120_144051-768x1024.jpg 768w, https:\/\/www.ubytovnaolomouc.cz\/wp-content\/uploads\/2020\/11\/20181120_144051-225x300.jpg 225w, https:\/\/www.ubytovnaolomouc.cz\/wp-content\/uploads\/2020\/11\/20181120_144051-1152x1536.jpg 1152w, https:\/\/www.ubytovnaolomouc.cz\/wp-content\/uploads\/2020\/11\/20181120_144051-1536x2048.jpg 1536w, https:\/\/www.ubytovnaolomouc.cz\/wp-content\/uploads\/2020\/11\/20181120_144051-45x60.jpg 45w, https:\/\/www.ubytovnaolomouc.cz\/wp-content\/uploads\/2020\/11\/20181120_144051-scaled.jpg 1920w\" sizes=\"auto, (max-width: 768px) 100vw, 768px\" \/><\/figure><\/li><li class=\"blocks-gallery-item\"><figure><img loading=\"lazy\" decoding=\"async\" width=\"1024\" height=\"768\" src=\"https:\/\/www.ubytovnaolomouc.cz\/wp-content\/uploads\/2020\/11\/20181120_144104-1024x768.jpg\" alt=\"\" data-id=\"87\" data-full-url=\"https:\/\/www.ubytovnaolomouc.cz\/wp-content\/uploads\/2020\/11\/20181120_144104-scaled.jpg\" data-link=\"https:\/\/www.ubytovnaolomouc.cz\/index.php\/fotogalerie\/20181120_144104\/\" class=\"wp-image-87\" srcset=\"https:\/\/www.ubytovnaolomouc.cz\/wp-content\/uploads\/2020\/11\/20181120_144104-1024x768.jpg 1024w, https:\/\/www.ubytovnaolomouc.cz\/wp-content\/uploads\/2020\/11\/20181120_144104-300x225.jpg 300w, https:\/\/www.ubytovnaolomouc.cz\/wp-content\/uploads\/2020\/11\/20181120_144104-768x576.jpg 768w, https:\/\/www.ubytovnaolomouc.cz\/wp-content\/uploads\/2020\/11\/20181120_144104-1536x1152.jpg 1536w, https:\/\/www.ubytovnaolomouc.cz\/wp-content\/uploads\/2020\/11\/20181120_144104-2048x1536.jpg 2048w, https:\/\/www.ubytovnaolomouc.cz\/wp-content\/uploads\/2020\/11\/20181120_144104-80x60.jpg 80w, https:\/\/www.ubytovnaolomouc.cz\/wp-content\/uploads\/2020\/11\/20181120_144104-640x480.jpg 640w, https:\/\/www.ubytovnaolomouc.cz\/wp-content\/uploads\/2020\/11\/20181120_144104-110x83.jpg 110w\" sizes=\"auto, (max-width: 1024px) 100vw, 1024px\" \/><\/figure><\/li><li class=\"blocks-gallery-item\"><figure><img loading=\"lazy\" decoding=\"async\" width=\"1024\" height=\"768\" src=\"https:\/\/www.ubytovnaolomouc.cz\/wp-content\/uploads\/2020\/11\/20181106_085227-1024x768.jpg\" alt=\"\" data-id=\"88\" data-full-url=\"https:\/\/www.ubytovnaolomouc.cz\/wp-content\/uploads\/2020\/11\/20181106_085227-scaled.jpg\" data-link=\"https:\/\/www.ubytovnaolomouc.cz\/index.php\/fotogalerie\/20181106_085227\/\" class=\"wp-image-88\" srcset=\"https:\/\/www.ubytovnaolomouc.cz\/wp-content\/uploads\/2020\/11\/20181106_085227-1024x768.jpg 1024w, https:\/\/www.ubytovnaolomouc.cz\/wp-content\/uploads\/2020\/11\/20181106_085227-300x225.jpg 300w, https:\/\/www.ubytovnaolomouc.cz\/wp-content\/uploads\/2020\/11\/20181106_085227-768x576.jpg 768w, https:\/\/www.ubytovnaolomouc.cz\/wp-content\/uploads\/2020\/11\/20181106_085227-1536x1152.jpg 1536w, https:\/\/www.ubytovnaolomouc.cz\/wp-content\/uploads\/2020\/11\/20181106_085227-2048x1536.jpg 2048w, https:\/\/www.ubytovnaolomouc.cz\/wp-content\/uploads\/2020\/11\/20181106_085227-80x60.jpg 80w, https:\/\/www.ubytovnaolomouc.cz\/wp-content\/uploads\/2020\/11\/20181106_085227-640x480.jpg 640w, https:\/\/www.ubytovnaolomouc.cz\/wp-content\/uploads\/2020\/11\/20181106_085227-110x83.jpg 110w\" sizes=\"auto, (max-width: 1024px) 100vw, 1024px\" \/><\/figure><\/li><li class=\"blocks-gallery-item\"><figure><img loading=\"lazy\" decoding=\"async\" width=\"1024\" height=\"768\" src=\"https:\/\/www.ubytovnaolomouc.cz\/wp-content\/uploads\/2020\/11\/20181106_085235-1024x768.jpg\" alt=\"\" data-id=\"89\" data-full-url=\"https:\/\/www.ubytovnaolomouc.cz\/wp-content\/uploads\/2020\/11\/20181106_085235-scaled.jpg\" data-link=\"https:\/\/www.ubytovnaolomouc.cz\/index.php\/fotogalerie\/20181106_085235\/\" class=\"wp-image-89\" srcset=\"https:\/\/www.ubytovnaolomouc.cz\/wp-content\/uploads\/2020\/11\/20181106_085235-1024x768.jpg 1024w, https:\/\/www.ubytovnaolomouc.cz\/wp-content\/uploads\/2020\/11\/20181106_085235-300x225.jpg 300w, https:\/\/www.ubytovnaolomouc.cz\/wp-content\/uploads\/2020\/11\/20181106_085235-768x576.jpg 768w, https:\/\/www.ubytovnaolomouc.cz\/wp-content\/uploads\/2020\/11\/20181106_085235-1536x1152.jpg 1536w, https:\/\/www.ubytovnaolomouc.cz\/wp-content\/uploads\/2020\/11\/20181106_085235-2048x1536.jpg 2048w, https:\/\/www.ubytovnaolomouc.cz\/wp-content\/uploads\/2020\/11\/20181106_085235-80x60.jpg 80w, https:\/\/www.ubytovnaolomouc.cz\/wp-content\/uploads\/2020\/11\/20181106_085235-640x480.jpg 640w, https:\/\/www.ubytovnaolomouc.cz\/wp-content\/uploads\/2020\/11\/20181106_085235-110x83.jpg 110w\" sizes=\"auto, (max-width: 1024px) 100vw, 1024px\" \/><\/figure><\/li><li class=\"blocks-gallery-item\"><figure><img loading=\"lazy\" decoding=\"async\" width=\"768\" height=\"1024\" src=\"https:\/\/www.ubytovnaolomouc.cz\/wp-content\/uploads\/2020\/11\/DSC05913-768x1024.jpg\" alt=\"\" data-id=\"90\" data-full-url=\"https:\/\/www.ubytovnaolomouc.cz\/wp-content\/uploads\/2020\/11\/DSC05913-scaled.jpg\" data-link=\"https:\/\/www.ubytovnaolomouc.cz\/index.php\/fotogalerie\/dsc05913\/\" class=\"wp-image-90\" srcset=\"https:\/\/www.ubytovnaolomouc.cz\/wp-content\/uploads\/2020\/11\/DSC05913-768x1024.jpg 768w, https:\/\/www.ubytovnaolomouc.cz\/wp-content\/uploads\/2020\/11\/DSC05913-225x300.jpg 225w, https:\/\/www.ubytovnaolomouc.cz\/wp-content\/uploads\/2020\/11\/DSC05913-1152x1536.jpg 1152w, https:\/\/www.ubytovnaolomouc.cz\/wp-content\/uploads\/2020\/11\/DSC05913-1536x2048.jpg 1536w, https:\/\/www.ubytovnaolomouc.cz\/wp-content\/uploads\/2020\/11\/DSC05913-45x60.jpg 45w, https:\/\/www.ubytovnaolomouc.cz\/wp-content\/uploads\/2020\/11\/DSC05913-scaled.jpg 1920w\" sizes=\"auto, (max-width: 768px) 100vw, 768px\" \/><\/figure><\/li><li class=\"blocks-gallery-item\"><figure><img loading=\"lazy\" decoding=\"async\" width=\"1024\" height=\"768\" src=\"https:\/\/www.ubytovnaolomouc.cz\/wp-content\/uploads\/2020\/11\/DSC05923-1024x768.jpg\" alt=\"\" data-id=\"91\" data-full-url=\"https:\/\/www.ubytovnaolomouc.cz\/wp-content\/uploads\/2020\/11\/DSC05923-scaled.jpg\" data-link=\"https:\/\/www.ubytovnaolomouc.cz\/index.php\/fotogalerie\/dsc05923\/\" class=\"wp-image-91\" srcset=\"https:\/\/www.ubytovnaolomouc.cz\/wp-content\/uploads\/2020\/11\/DSC05923-1024x768.jpg 1024w, https:\/\/www.ubytovnaolomouc.cz\/wp-content\/uploads\/2020\/11\/DSC05923-300x225.jpg 300w, https:\/\/www.ubytovnaolomouc.cz\/wp-content\/uploads\/2020\/11\/DSC05923-768x576.jpg 768w, https:\/\/www.ubytovnaolomouc.cz\/wp-content\/uploads\/2020\/11\/DSC05923-1536x1152.jpg 1536w, https:\/\/www.ubytovnaolomouc.cz\/wp-content\/uploads\/2020\/11\/DSC05923-2048x1536.jpg 2048w, https:\/\/www.ubytovnaolomouc.cz\/wp-content\/uploads\/2020\/11\/DSC05923-80x60.jpg 80w, https:\/\/www.ubytovnaolomouc.cz\/wp-content\/uploads\/2020\/11\/DSC05923-640x480.jpg 640w, https:\/\/www.ubytovnaolomouc.cz\/wp-content\/uploads\/2020\/11\/DSC05923-110x83.jpg 110w\" sizes=\"auto, (max-width: 1024px) 100vw, 1024px\" \/><\/figure><\/li><li class=\"blocks-gallery-item\"><figure><img loading=\"lazy\" decoding=\"async\" width=\"1024\" height=\"768\" src=\"https:\/\/www.ubytovnaolomouc.cz\/wp-content\/uploads\/2020\/11\/KDSC05915-1024x768.jpeg\" alt=\"\" data-id=\"92\" data-full-url=\"https:\/\/www.ubytovnaolomouc.cz\/wp-content\/uploads\/2020\/11\/KDSC05915.jpeg\" data-link=\"https:\/\/www.ubytovnaolomouc.cz\/index.php\/fotogalerie\/kdsc05915\/\" class=\"wp-image-92\" srcset=\"https:\/\/www.ubytovnaolomouc.cz\/wp-content\/uploads\/2020\/11\/KDSC05915-1024x768.jpeg 1024w, https:\/\/www.ubytovnaolomouc.cz\/wp-content\/uploads\/2020\/11\/KDSC05915-300x225.jpeg 300w, https:\/\/www.ubytovnaolomouc.cz\/wp-content\/uploads\/2020\/11\/KDSC05915-768x576.jpeg 768w, https:\/\/www.ubytovnaolomouc.cz\/wp-content\/uploads\/2020\/11\/KDSC05915-1536x1152.jpeg 1536w, https:\/\/www.ubytovnaolomouc.cz\/wp-content\/uploads\/2020\/11\/KDSC05915-80x60.jpeg 80w, https:\/\/www.ubytovnaolomouc.cz\/wp-content\/uploads\/2020\/11\/KDSC05915-640x480.jpeg 640w, https:\/\/www.ubytovnaolomouc.cz\/wp-content\/uploads\/2020\/11\/KDSC05915-110x83.jpeg 110w, https:\/\/www.ubytovnaolomouc.cz\/wp-content\/uploads\/2020\/11\/KDSC05915.jpeg 1920w\" sizes=\"auto, (max-width: 1024px) 100vw, 1024px\" \/><\/figure><\/li><li class=\"blocks-gallery-item\"><figure><img loading=\"lazy\" decoding=\"async\" width=\"768\" height=\"1024\" src=\"https:\/\/www.ubytovnaolomouc.cz\/wp-content\/uploads\/2020\/11\/kuchynka2-768x1024.jpg\" alt=\"\" data-id=\"93\" data-full-url=\"https:\/\/www.ubytovnaolomouc.cz\/wp-content\/uploads\/2020\/11\/kuchynka2.jpg\" data-link=\"https:\/\/www.ubytovnaolomouc.cz\/index.php\/fotogalerie\/kuchynka2\/\" class=\"wp-image-93\" srcset=\"https:\/\/www.ubytovnaolomouc.cz\/wp-content\/uploads\/2020\/11\/kuchynka2-768x1024.jpg 768w, https:\/\/www.ubytovnaolomouc.cz\/wp-content\/uploads\/2020\/11\/kuchynka2-225x300.jpg 225w, https:\/\/www.ubytovnaolomouc.cz\/wp-content\/uploads\/2020\/11\/kuchynka2-1152x1536.jpg 1152w, https:\/\/www.ubytovnaolomouc.cz\/wp-content\/uploads\/2020\/11\/kuchynka2-1536x2048.jpg 1536w, https:\/\/www.ubytovnaolomouc.cz\/wp-content\/uploads\/2020\/11\/kuchynka2-45x60.jpg 45w, https:\/\/www.ubytovnaolomouc.cz\/wp-content\/uploads\/2020\/11\/kuchynka2.jpg 1920w\" sizes=\"auto, (max-width: 768px) 100vw, 768px\" \/><\/figure><\/li><\/ul><\/figure>\n","protected":false},"excerpt":{"rendered":"","protected":false},"author":1,"featured_media":0,"parent":0,"menu_order":0,"comment_status":"closed","ping_status":"closed","template":"","meta":{"footnotes":""},"class_list":["post-76","page","type-page","status-publish","hentry"],"_links":{"self":[{"href":"https:\/\/www.ubytovnaolomouc.cz\/index.php\/wp-json\/wp\/v2\/pages\/76","targetHints":{"allow":["GET"]}}],"collection":[{"href":"https:\/\/www.ubytovnaolomouc.cz\/index.php\/wp-json\/wp\/v2\/pages"}],"about":[{"href":"https:\/\/www.ubytovnaolomouc.cz\/index.php\/wp-json\/wp\/v2\/types\/page"}],"author":[{"embeddable":true,"href":"https:\/\/www.ubytovnaolomouc.cz\/index.php\/wp-json\/wp\/v2\/users\/1"}],"replies":[{"embeddable":true,"href":"https:\/\/www.ubytovnaolomouc.cz\/index.php\/wp-json\/wp\/v2\/comments?post=76"}],"version-history":[{"count":3,"href":"https:\/\/www.ubytovnaolomouc.cz\/index.php\/wp-json\/wp\/v2\/pages\/76\/revisions"}],"predecessor-version":[{"id":118,"href":"https:\/\/www.ubytovnaolomouc.cz\/index.php\/wp-json\/wp\/v2\/pages\/76\/revisions\/118"}],"wp:attachment":[{"href":"https:\/\/www.ubytovnaolomouc.cz\/index.php\/wp-json\/wp\/v2\/media?parent=76"}],"curies":[{"name":"wp","href":"https:\/\/api.w.org\/{rel}","templated":true}]}}